{"id":34,"date":"2025-01-31T08:21:05","date_gmt":"2025-01-31T14:21:05","guid":{"rendered":"https:\/\/euro.artereciclada.com.br\/?page_id=34"},"modified":"2025-01-31T08:21:06","modified_gmt":"2025-01-31T14:21:06","slug":"terms-of-use","status":"publish","type":"page","link":"https:\/\/euro.artereciclada.com.br\/fr\/terms-of-use\/","title":{"rendered":"Conditions d'utilisation"},"content":{"rendered":"<p>Bienvenue \u00e0 Euro Art ! Les pr\u00e9sentes conditions d'utilisation r\u00e9gissent votre acc\u00e8s et votre utilisation du site Web. <a href=\"https:\/\/euro.artereciclada.com.br\/fr\/\">euro.artereciclada.com.br<\/a> (ci-apr\u00e8s d\u00e9nomm\u00e9 \"le site\"), exploit\u00e9 par ARTE RECICLADA, dont le si\u00e8ge se trouve \u00e0 S\u00e3o Paulo, au Br\u00e9sil.<\/p>\n\n\n\n<p>En acc\u00e9dant au site ou en l'utilisant, vous acceptez de vous conformer aux pr\u00e9sentes conditions d'utilisation et d'\u00eatre li\u00e9 par elles. Si vous n'\u00eates pas d'accord avec une partie de ces conditions, veuillez ne pas utiliser le site.<\/p>\n\n\n\n<h3 class=\"wp-block-heading\">1. Acceptation des conditions<\/h3>\n\n\n\n<p>En acc\u00e9dant au site et en l'utilisant, vous d\u00e9clarez avoir lu, compris et accept\u00e9 de vous conformer aux pr\u00e9sentes conditions d'utilisation, ainsi qu'\u00e0 toutes les lois et r\u00e9glementations applicables. Ces conditions s'appliquent \u00e0 tous les visiteurs, utilisateurs et autres personnes qui acc\u00e8dent au site ou l'utilisent.<\/p>\n\n\n\n<h3 class=\"wp-block-heading\">2. Modifications des conditions<\/h3>\n\n\n\n<p>Nous nous r\u00e9servons le droit de modifier ou d'actualiser les pr\u00e9sentes conditions d'utilisation \u00e0 tout moment et sans pr\u00e9avis. Les modifications prendront effet imm\u00e9diatement apr\u00e8s leur publication sur le site. Il vous incombe de consulter r\u00e9guli\u00e8rement les conditions d'utilisation pour vous tenir au courant de toute modification. La poursuite de l'utilisation du site apr\u00e8s toute modification constitue l'acceptation des nouvelles conditions.<\/p>\n\n\n\n<h3 class=\"wp-block-heading\">3. Utilisation du site<\/h3>\n\n\n\n<h4 class=\"wp-block-heading\">3.1 \u00c9ligibilit\u00e9<\/h4>\n\n\n\n<p>Vous devez \u00eatre \u00e2g\u00e9 d'au moins 18 ans pour utiliser le site. En acceptant les pr\u00e9sentes conditions d'utilisation, vous d\u00e9clarez et garantissez que vous avez l'\u00e2ge minimum requis.<\/p>\n\n\n\n<h4 class=\"wp-block-heading\">3.2 Compte d'utilisateur<\/h4>\n\n\n\n<p>Pour acc\u00e9der \u00e0 certaines fonctionnalit\u00e9s du site, vous pouvez \u00eatre amen\u00e9 \u00e0 cr\u00e9er un compte utilisateur. Vous acceptez de fournir des informations exactes, actuelles et compl\u00e8tes au cours de la proc\u00e9dure d'inscription et de maintenir ces informations \u00e0 jour. Vous \u00eates responsable de la confidentialit\u00e9 de votre mot de passe et de toutes les activit\u00e9s qui se d\u00e9roulent sous votre compte.<\/p>\n\n\n\n<h4 class=\"wp-block-heading\">3.3 Utilisation autoris\u00e9e<\/h4>\n\n\n\n<p>Vous acceptez de n'utiliser le site qu'\u00e0 des fins l\u00e9gales et conform\u00e9ment \u00e0 toutes les lois et r\u00e9glementations applicables. Il est interdit d'utiliser le site d'une mani\u00e8re susceptible de l'endommager, de le d\u00e9sactiver, de le surcharger ou de l'alt\u00e9rer, ou d'interf\u00e9rer avec l'utilisation du site par un tiers.<\/p>\n\n\n\n<h3 class=\"wp-block-heading\">4. Les interdictions<\/h3>\n\n\n\n<p>En utilisant le site, vous vous engagez \u00e0 ne pas :<\/p>\n\n\n\n<ul class=\"wp-block-list\">\n<li>violer toute loi ou r\u00e9glementation applicable.<\/li>\n\n\n\n<li>enfreindre les droits de propri\u00e9t\u00e9 intellectuelle d'autrui.<\/li>\n\n\n\n<li>Soumettre, afficher, transmettre ou rendre disponible de toute autre mani\u00e8re un contenu ill\u00e9gal, diffamatoire, offensant, obsc\u00e8ne ou violant les droits d'autrui.<\/li>\n\n\n\n<li>Utiliser le site pour distribuer des virus, des logiciels malveillants ou tout autre code malveillant.<\/li>\n\n\n\n<li>collecter des informations personnelles aupr\u00e8s d'autres utilisateurs sans leur consentement.<\/li>\n\n\n\n<li>Utiliser des techniques de scraping ou toute autre m\u00e9thode automatis\u00e9e pour collecter des donn\u00e9es sur le site.<\/li>\n<\/ul>\n\n\n\n<h3 class=\"wp-block-heading\">5. Propri\u00e9t\u00e9 intellectuelle<\/h3>\n\n\n\n<h4 class=\"wp-block-heading\">5.1 Droits d'auteur<\/h4>\n\n\n\n<p>Tout le contenu du site, y compris les textes, les images, les graphiques, les logos, les ic\u00f4nes, les sons et les vid\u00e9os, est la propri\u00e9t\u00e9 d'ARTE RECICLADA ou de ses conc\u00e9dants de licence et est prot\u00e9g\u00e9 par les lois sur les droits d'auteur et d'autres lois sur la propri\u00e9t\u00e9 intellectuelle.<\/p>\n\n\n\n<h4 class=\"wp-block-heading\">5.2 Licence d'utilisation<\/h4>\n\n\n\n<p>Nous vous accordons une licence limit\u00e9e, non exclusive, non transf\u00e9rable et r\u00e9vocable pour acc\u00e9der au site et l'utiliser \u00e0 des fins personnelles et non commerciales, \u00e0 condition que vous respectiez les pr\u00e9sentes conditions d'utilisation.<\/p>\n\n\n\n<h4 class=\"wp-block-heading\">5.3 Restrictions<\/h4>\n\n\n\n<p>Vous ne pouvez pas :<\/p>\n\n\n\n<ul class=\"wp-block-list\">\n<li>Copier, reproduire, distribuer, modifier, afficher, publier ou transmettre tout contenu du site sans autorisation \u00e9crite pr\u00e9alable.<\/li>\n\n\n\n<li>Utiliser toute marque, logo ou autre signe distinctif pr\u00e9sent sur le Site sans autorisation pr\u00e9alable.<\/li>\n<\/ul>\n\n\n\n<h3 class=\"wp-block-heading\">6. Contenu de l'utilisateur<\/h3>\n\n\n\n<h4 class=\"wp-block-heading\">6.1 Responsabilit\u00e9 du contenu<\/h4>\n\n\n\n<p>Vous \u00eates seul responsable de tout le contenu que vous publiez, t\u00e9l\u00e9chargez, soumettez ou transmettez par l'interm\u00e9diaire du site. En rendant le contenu disponible sur le site, vous accordez \u00e0 ARTE RECICLADA une licence non exclusive, libre de droits, mondiale et perp\u00e9tuelle pour utiliser, reproduire, modifier, adapter, publier, traduire, cr\u00e9er des \u0153uvres d\u00e9riv\u00e9es, distribuer, ex\u00e9cuter et afficher ce contenu en relation avec le site et les activit\u00e9s d'ARTE RECICLADA.<\/p>\n\n\n\n<h4 class=\"wp-block-heading\">6.2 Suppression de contenu<\/h4>\n\n\n\n<p>Nous nous r\u00e9servons le droit, \u00e0 notre seule discr\u00e9tion, de supprimer tout contenu que nous jugeons inappropri\u00e9, offensant, ill\u00e9gal ou en violation des pr\u00e9sentes conditions d'utilisation, et ce sans pr\u00e9avis.<\/p>\n\n\n\n<h3 class=\"wp-block-heading\">7. Exclusion de garantie<\/h3>\n\n\n\n<p>Le site est fourni \"en l'\u00e9tat\" et \"tel que disponible\". ARTE RECICLADA ne donne aucune garantie, expresse ou implicite, y compris, mais sans s'y limiter, les garanties de qualit\u00e9 marchande, d'ad\u00e9quation \u00e0 un usage particulier ou d'absence de contrefa\u00e7on.<\/p>\n\n\n\n<h3 class=\"wp-block-heading\">8. Limitation de la responsabilit\u00e9<\/h3>\n\n\n\n<p>En aucun cas ARTE RECICLADA, ses directeurs, employ\u00e9s, partenaires ou affili\u00e9s ne seront responsables des dommages indirects, accessoires, sp\u00e9ciaux, cons\u00e9cutifs ou punitifs r\u00e9sultant de l'utilisation ou de l'incapacit\u00e9 d'utiliser le site, m\u00eame s'ils ont \u00e9t\u00e9 inform\u00e9s de la possibilit\u00e9 de tels dommages.<\/p>\n\n\n\n<h3 class=\"wp-block-heading\">9. Indemnisation<\/h3>\n\n\n\n<p>Vous acceptez d'indemniser, de d\u00e9fendre et de d\u00e9gager de toute responsabilit\u00e9 ARTE RECICLADA, ses directeurs, ses employ\u00e9s, ses partenaires et ses affili\u00e9s en cas de r\u00e9clamations, de dommages, d'obligations, de pertes, de responsabilit\u00e9s, de co\u00fbts ou de dettes, et de d\u00e9penses (y compris les frais d'avocat) d\u00e9coulant de ce qui suit :<\/p>\n\n\n\n<ul class=\"wp-block-list\">\n<li>Votre utilisation et votre acc\u00e8s au site ;<\/li>\n\n\n\n<li>Votre violation de l'une des conditions des pr\u00e9sentes conditions d'utilisation ;<\/li>\n\n\n\n<li>Votre contenu utilisateur ;<\/li>\n\n\n\n<li>Votre violation des droits d'un tiers, y compris les droits de propri\u00e9t\u00e9 intellectuelle ou les droits \u00e0 la vie priv\u00e9e.<\/li>\n<\/ul>\n\n\n\n<h3 class=\"wp-block-heading\">10. Respect de la vie priv\u00e9e<\/h3>\n\n\n\n<p>L'utilisation du site est \u00e9galement soumise \u00e0 notre politique de confidentialit\u00e9, qui d\u00e9crit la mani\u00e8re dont nous collectons, utilisons et prot\u00e9geons vos informations personnelles. Nous vous recommandons de lire attentivement la politique de confidentialit\u00e9.<\/p>\n\n\n\n<h3 class=\"wp-block-heading\">11. R\u00e9siliation<\/h3>\n\n\n\n<p>Nous pouvons r\u00e9silier ou suspendre votre acc\u00e8s au site imm\u00e9diatement, sans pr\u00e9avis ni responsabilit\u00e9, pour quelque raison que ce soit, y compris, mais sans s'y limiter, si vous enfreignez les pr\u00e9sentes conditions d'utilisation. En cas de r\u00e9siliation, toutes les licences et tous les droits qui vous ont \u00e9t\u00e9 accord\u00e9s seront automatiquement r\u00e9voqu\u00e9s.<\/p>\n\n\n\n<h3 class=\"wp-block-heading\">12. Droit applicable<\/h3>\n\n\n\n<p>Les pr\u00e9sentes conditions d'utilisation sont r\u00e9gies et interpr\u00e9t\u00e9es conform\u00e9ment aux lois de la R\u00e9publique f\u00e9d\u00e9rative du Br\u00e9sil, sans tenir compte des dispositions relatives aux conflits de lois. Tout litige d\u00e9coulant des pr\u00e9sentes conditions d'utilisation ou s'y rapportant sera soumis \u00e0 la comp\u00e9tence exclusive des tribunaux situ\u00e9s \u00e0 S\u00e3o Paulo, au Br\u00e9sil.<\/p>\n\n\n\n<h3 class=\"wp-block-heading\">13. Dispositions g\u00e9n\u00e9rales<\/h3>\n\n\n\n<h4 class=\"wp-block-heading\">13.1 Int\u00e9gralit\u00e9 de l'accord<\/h4>\n\n\n\n<p>Les pr\u00e9sentes conditions d'utilisation constituent l'int\u00e9gralit\u00e9 de l'accord entre vous et ARTE RECICLADA concernant l'utilisation du site et remplacent tous les accords ant\u00e9rieurs, qu'ils soient \u00e9crits ou oraux.<\/p>\n\n\n\n<h4 class=\"wp-block-heading\">13.2 Divisibilit\u00e9<\/h4>\n\n\n\n<p>Si l'une des dispositions des pr\u00e9sentes conditions d'utilisation est jug\u00e9e invalide ou inapplicable par un tribunal comp\u00e9tent, les autres dispositions resteront pleinement en vigueur.<\/p>\n\n\n\n<h4 class=\"wp-block-heading\">13.3 Renonciation<\/h4>\n\n\n\n<p>Le fait qu'ARTE RECICLADA n'exerce pas ou n'applique pas un droit ou une disposition des pr\u00e9sentes conditions d'utilisation ne constitue pas une renonciation \u00e0 ce droit ou \u00e0 cette disposition.<\/p>\n\n\n\n<h4 class=\"wp-block-heading\">13.4 Affectation<\/h4>\n\n\n\n<p>Vous ne pouvez pas c\u00e9der ou transf\u00e9rer ces conditions d'utilisation, ou toute partie de celles-ci, sans l'accord \u00e9crit pr\u00e9alable d'ARTE RECICLADA. ARTE RECICLADA peut c\u00e9der ou transf\u00e9rer ces conditions d'utilisation \u00e0 tout moment et sans restrictions.<\/p>\n\n\n\n<h3 class=\"wp-block-heading\">Contact<\/h3>\n\n\n\n<p>Si vous avez des questions concernant les pr\u00e9sentes conditions d'utilisation, veuillez nous contacter par courrier \u00e9lectronique \u00e0 l'adresse suivante <a>contato@artereciclada.com.br<\/a>.<\/p>\n\n\n\n<hr class=\"wp-block-separator has-alpha-channel-opacity\"\/>\n\n\n\n<p><strong>Derni\u00e8re mise \u00e0 jour :<\/strong> 19 novembre 2024<\/p>","protected":false},"excerpt":{"rendered":"<p>Welcome to Euro Art! These Terms of Use govern your access to and use of the website euro.artereciclada.com.br (hereinafter referred to as the &#8220;Site&#8221;), operated by ARTE RECICLADA, headquartered in S\u00e3o Paulo, Brazil. By accessing or using the Site, you agree to comply with and be bound by these Terms of Use. If you do [&hellip;]<\/p>","protected":false},"author":5,"featured_media":0,"parent":0,"menu_order":0,"comment_status":"closed","ping_status":"closed","template":"","meta":{"footnotes":""},"class_list":["post-34","page","type-page","status-publish","hentry"],"blocksy_meta":[],"_links":{"self":[{"href":"https:\/\/euro.artereciclada.com.br\/fr\/wp-json\/wp\/v2\/pages\/34","targetHints":{"allow":["GET"]}}],"collection":[{"href":"https:\/\/euro.artereciclada.com.br\/fr\/wp-json\/wp\/v2\/pages"}],"about":[{"href":"https:\/\/euro.artereciclada.com.br\/fr\/wp-json\/wp\/v2\/types\/page"}],"author":[{"embeddable":true,"href":"https:\/\/euro.artereciclada.com.br\/fr\/wp-json\/wp\/v2\/users\/5"}],"replies":[{"embeddable":true,"href":"https:\/\/euro.artereciclada.com.br\/fr\/wp-json\/wp\/v2\/comments?post=34"}],"version-history":[{"count":1,"href":"https:\/\/euro.artereciclada.com.br\/fr\/wp-json\/wp\/v2\/pages\/34\/revisions"}],"predecessor-version":[{"id":35,"href":"https:\/\/euro.artereciclada.com.br\/fr\/wp-json\/wp\/v2\/pages\/34\/revisions\/35"}],"wp:attachment":[{"href":"https:\/\/euro.artereciclada.com.br\/fr\/wp-json\/wp\/v2\/media?parent=34"}],"curies":[{"name":"wp","href":"https:\/\/api.w.org\/{rel}","templated":true}]}}